{"id":2106,"date":"2018-01-15T19:25:14","date_gmt":"2018-01-15T18:25:14","guid":{"rendered":"http:\/\/ateneumanises.com\/es\/?page_id=2106"},"modified":"2026-03-25T10:37:35","modified_gmt":"2026-03-25T09:37:35","slug":"si-tu-cambias-todo-cambia","status":"publish","type":"page","link":"https:\/\/ateneumanises.com\/es\/si-tu-cambias-todo-cambia\/","title":{"rendered":"Si t\u00fa cambias todo cambia. As\u00f3ciate."},"content":{"rendered":"<p>[et_pb_section fb_built=\u00bb1&#8243; _builder_version=\u00bb4.16&#8243; custom_padding=\u00bb0px|||||\u00bb global_colors_info=\u00bb{}\u00bb][et_pb_row _builder_version=\u00bb4.16&#8243; custom_padding=\u00bb0px||0px|||\u00bb global_colors_info=\u00bb{}\u00bb][et_pb_column type=\u00bb4_4&#8243; _builder_version=\u00bb4.16&#8243; global_colors_info=\u00bb{}\u00bb][et_pb_text _builder_version=\u00bb4.25.0&#8243; _module_preset=\u00bbdefault\u00bb text_orientation=\u00bbcenter\u00bb custom_margin=\u00bb55px||||false|false\u00bb custom_padding=\u00bb|0px||||\u00bb global_colors_info=\u00bb{}\u00bb]<\/p>\n<h1>\u00a1HAZTE SOCIA \/ O!<\/h1>\n<p>[\/et_pb_text][\/et_pb_column][\/et_pb_row][et_pb_row column_structure=\u00bb1_3,1_3,1_3&#8243; _builder_version=\u00bb4.25.0&#8243; custom_margin=\u00bb17px||||false|false\u00bb custom_padding=\u00bb||||false|false\u00bb locked=\u00bboff\u00bb global_colors_info=\u00bb{}\u00bb][et_pb_column type=\u00bb1_3&#8243; _builder_version=\u00bb4.16&#8243; global_colors_info=\u00bb{}\u00bb][et_pb_text admin_label=\u00bbText\u00bb module_id=\u00bbhaztesocio\u00bb _builder_version=\u00bb4.25.0&#8243; background_color=\u00bbRGBA(255,255,255,0)\u00bb background_size=\u00bbinitial\u00bb background_position=\u00bbtop_left\u00bb background_repeat=\u00bbrepeat\u00bb custom_margin=\u00bb-20px||9px||false|false\u00bb custom_padding=\u00bb20px|15px|20px|15px|true|true\u00bb border_radii=\u00bbon|15px|15px|15px|15px\u00bb global_colors_info=\u00bb{}\u00bb]<\/p>\n<h6><span style=\"color: #edb059;\"><em>Si t\u00fa cambias, todo cambia<\/em><\/span><\/h6>\n<p>[\/et_pb_text][et_pb_text admin_label=\u00bbText\u00bb module_id=\u00bbhaztesocio\u00bb _builder_version=\u00bb4.25.0&#8243; background_color=\u00bbrgba(214,214,214,0.33)\u00bb background_size=\u00bbinitial\u00bb background_position=\u00bbtop_left\u00bb background_repeat=\u00bbrepeat\u00bb custom_margin=\u00bb||||true|false\u00bb custom_padding=\u00bb20px|15px|20px|15px|true|true\u00bb border_radii=\u00bbon|15px|15px|15px|15px\u00bb global_colors_info=\u00bb{}\u00bb]<\/p>\n<h4><strong><\/strong><\/h4>\n<h4><strong>INSCRIPCI\u00d3N<\/strong><\/h4>\n<ul type=\"a\">\n<li>Inscripci\u00f3n gratuita<\/li>\n<\/ul>\n<p>[\/et_pb_text][et_pb_text admin_label=\u00bbText\u00bb module_id=\u00bbhaztesocio\u00bb _builder_version=\u00bb4.25.0&#8243; background_color=\u00bbrgba(214,214,214,0.33)\u00bb background_size=\u00bbinitial\u00bb background_position=\u00bbtop_left\u00bb background_repeat=\u00bbrepeat\u00bb custom_margin=\u00bb||||true|false\u00bb custom_padding=\u00bb20px|15px|20px|15px|true|true\u00bb border_radii=\u00bbon|15px|15px|15px|15px\u00bb global_colors_info=\u00bb{}\u00bb]<\/p>\n<h4><strong><\/strong><\/h4>\n<h4><strong>CUOTA MENSUAL<\/strong><\/h4>\n<ul type=\"a\">\n<li>Unidad familiar con 1 miembro: 18\u20ac\/mes<\/li>\n<li>Unidad familiar con 2 miembros: 26\u20ac\/mes<\/li>\n<li>Unidad familiar con 3 miembros: 33\u20ac\/mes<\/li>\n<li>Unidad familiar con 4 miembros: 39\u20ac\/mes<\/li>\n<li>Unidad familiar con 5 miembros: 44\u20ac\/mes<\/li>\n<li>Unidad familiar con 6 miembros: 48\u20ac\/mes<\/li>\n<\/ul>\n<p>[\/et_pb_text][et_pb_image src=\u00bbhttps:\/\/ateneumanises.com\/es\/wp-content\/uploads\/2026\/03\/Dia-de-la-dona-3-scaled.jpg\u00bb title_text=\u00bbDia de la dona-3&#8243; _builder_version=\u00bb4.27.6&#8243; _module_preset=\u00bbdefault\u00bb custom_margin=\u00bb||175px|||\u00bb hover_enabled=\u00bb0&#8243; border_radii=\u00bbon|20px|20px|20px|20px\u00bb border_style_all=\u00bbdotted\u00bb global_colors_info=\u00bb{}\u00bb sticky_enabled=\u00bb0&#8243;][\/et_pb_image][et_pb_text _builder_version=\u00bb4.27.6&#8243; _module_preset=\u00bbdefault\u00bb text_font_size=\u00bb12px\u00bb header_font_size=\u00bb12px\u00bb header_line_height=\u00bb1.4em\u00bb text_orientation=\u00bbcenter\u00bb custom_margin=\u00bb-164px|5px|||false|false\u00bb hover_enabled=\u00bb0&#8243; global_colors_info=\u00bb{}\u00bb sticky_enabled=\u00bb0&#8243;]<\/p>\n<p style=\"text-align: right;\"><em>Concierto D\u00eda de la Mujer, 2026<\/em><\/p>\n<p>[\/et_pb_text][\/et_pb_column][et_pb_column type=\u00bb1_3&#8243; _builder_version=\u00bb4.25.0&#8243; _module_preset=\u00bbdefault\u00bb global_colors_info=\u00bb{}\u00bb][et_pb_text _builder_version=\u00bb4.25.0&#8243; _module_preset=\u00bbdefault\u00bb text_font_size=\u00bb6px\u00bb header_font_size=\u00bb12px\u00bb header_line_height=\u00bb1.4em\u00bb text_orientation=\u00bbcenter\u00bb custom_margin=\u00bb-3px||||false|false\u00bb global_colors_info=\u00bb{}\u00bb]<\/p>\n<h4 style=\"text-align: left;\">\u00bfQu\u00e9 gano siendo asociado?<\/h4>\n<p>[\/et_pb_text][et_pb_text _builder_version=\u00bb4.25.0&#8243; custom_margin=\u00bb-25px||||false|false\u00bb inline_fonts=\u00bbMontserrat\u00bb global_colors_info=\u00bb{}\u00bb]<\/p>\n<p>&nbsp;<\/p>\n<ol>\n<li>Formar parte de una Asociaci\u00f3n Cultural que fomenta el arte, la cultura y la educaci\u00f3n.<\/li>\n<li>Acceso a la Escuela.<\/li>\n<li>Pr\u00e9stamo de Instrumento musical gratuito.<\/li>\n<li>Colaborar en el mantenimiento de la Orquesta Filarm\u00f3nica, La Orquesta de Vientos, el Coro y el Grupo de Teatro.<\/li>\n<li>Ayudar en la concesi\u00f3n de becas.<\/li>\n<li>Colaborar en la atenci\u00f3n psicol\u00f3gica en situaciones como acoso escolar, violencia de g\u00e9nero, ansiedad esc\u00e9nica, etc.<\/li>\n<li>Inclusi\u00f3n de personas con diversidad funcional. (F\u00edsica, Visual, Auditiva, Intelectual y ps\u00edquica y Multisensorial)<\/li>\n<li>Entradas gratuitas o descuentos a todos los eventos que organiza el Ateneu Cultural Ciudad de Manises.<\/li>\n<li>Colaboraci\u00f3n en el mantenimiento de una programaci\u00f3n cultural diversa, estable y de calidad.<\/li>\n<li>Colaborar en la atenci\u00f3n, mediante musicoterapia, de enfermos de Alzh\u00e9imer en la residencia San Francisco y San Vicente.<\/li>\n<li>Participaci\u00f3n en proyectos Erasmus.<\/li>\n<li>Ser una pieza m\u00e1s en un proyecto Educativo-Social humano, de calidad e innovador.<\/li>\n<li>Y muchas cosas m\u00e1s que ir\u00e1s descubriendo.<strong> <\/strong><\/li>\n<li><strong>El Ateneu es magia; si t\u00fa cambias todo cambia. \u00a1\u00danete al Ateneu!<\/strong><\/li>\n<\/ol>\n<p>[\/et_pb_text][\/et_pb_column][et_pb_column type=\u00bb1_3&#8243; _builder_version=\u00bb4.16&#8243; global_colors_info=\u00bb{}\u00bb][et_pb_text _builder_version=\u00bb4.25.0&#8243; _module_preset=\u00bbdefault\u00bb text_font_size=\u00bb6px\u00bb header_font_size=\u00bb12px\u00bb header_line_height=\u00bb1.4em\u00bb text_orientation=\u00bbcenter\u00bb custom_margin=\u00bb-3px||||false|false\u00bb global_colors_info=\u00bb{}\u00bb]<\/p>\n<h4 style=\"text-align: left;\">\u00bfC\u00f3mo hacerme socia\/o?<\/h4>\n<p>[\/et_pb_text][et_pb_text _builder_version=\u00bb4.25.0&#8243; custom_margin=\u00bb||29px||false|false\u00bb global_colors_info=\u00bb{}\u00bb]<\/p>\n<p><span style=\"color: #edb059;\"><strong>Presencial:<\/strong><\/span><br \/>Descarga el\u00a0<b>formulario<\/b> de inscripci\u00f3n y entr\u00e9galo en horario de 15:00 a 21:00h de lunes a viernes.<\/p>\n<p>[\/et_pb_text][et_pb_button button_url=\u00bbhttps:\/\/ateneumanises.com\/es\/wp-content\/uploads\/2024\/07\/Ass-001-Inscripcio-dAssociat.pdf\u00bb url_new_window=\u00bbon\u00bb button_text=\u00bbQuiero ser socio del Ateneu\u00bb _builder_version=\u00bb4.27.6&#8243; custom_button=\u00bbon\u00bb button_text_size=\u00bb16px\u00bb button_border_radius=\u00bb14px\u00bb custom_margin=\u00bb7px||7px||true|false\u00bb global_colors_info=\u00bb{}\u00bb][\/et_pb_button][et_pb_text _builder_version=\u00bb4.25.0&#8243; custom_margin=\u00bb26px||25px||false|false\u00bb global_colors_info=\u00bb{}\u00bb]<\/p>\n<p><span style=\"color: #edb059;\"><strong>Online:<\/strong><\/span><br \/>Haz click en el siguiente\u00a0<b>enlace<\/b><\/p>\n<p>[\/et_pb_text][et_pb_button button_url=\u00bbhttps:\/\/ateneumanises.playoffinformatica.com\/preinscripcion\u00bb url_new_window=\u00bbon\u00bb button_text=\u00bbInscripci\u00f3n Online\u00bb _builder_version=\u00bb4.25.0&#8243; custom_button=\u00bbon\u00bb button_text_size=\u00bb16px\u00bb button_border_radius=\u00bb14px\u00bb custom_margin=\u00bb7px||||false|false\u00bb animation_style=\u00bbbounce\u00bb global_colors_info=\u00bb{}\u00bb][\/et_pb_button][et_pb_text admin_label=\u00bbText\u00bb module_id=\u00bbhaztesocio\u00bb _builder_version=\u00bb4.25.0&#8243; text_font_size=\u00bb11px\u00bb background_color=\u00bbrgba(214,214,214,0.33)\u00bb background_size=\u00bbinitial\u00bb background_position=\u00bbtop_left\u00bb background_repeat=\u00bbrepeat\u00bb custom_margin=\u00bb||||true|false\u00bb custom_padding=\u00bb20px|1px|20px|1px|true|true\u00bb border_radii=\u00bbon|15px|15px|15px|15px\u00bb global_colors_info=\u00bb{}\u00bb]<\/p>\n<h4 style=\"padding-left: 80px;\"><\/h4>\n<h4>\u00a0 \u00a0 \u00a0<strong>NORMATIVA LEGAL<\/strong><\/h4>\n<ul>\n<li style=\"list-style-type: none;\">\n<ul>\n<li style=\"list-style-type: none;\">\n<ul type=\"a\">\n<li>El Ateneu es una asociaci\u00f3n asamblearia regida por los siguientes\u00a0<b><a href=\"https:\/\/ateneumanises.com\/es\/wp-content\/uploads\/2024\/05\/20200313-Estatuts.pdf\" target=\"_blank\" rel=\"noopener noreferrer\">estatutos<\/a><\/b><a href=\"https:\/\/ateneumanises.com\/es\/wp-content\/uploads\/2020\/06\/20200313-Estatuts.pdf\" target=\"_blank\" rel=\"noopener noreferrer\"><span style=\"color: #000000;\">, d<\/span><\/a>e obligada aceptaci\u00f3n y cumplimiento por toda persona asociada. Lee con mucha atenci\u00f3n, cualquier duda ponte en contacto con nosotros, estaremos encantados de ayudarte.<\/li>\n<\/ul>\n<\/li>\n<\/ul>\n<\/li>\n<\/ul>\n<p>[\/et_pb_text][et_pb_image src=\u00bbhttps:\/\/ateneumanises.com\/es\/wp-content\/uploads\/2024\/06\/Logos-Identidad-Ateneu-09.png\u00bb title_text=\u00bbLogos Identidad Ateneu-09&#8243; align=\u00bbcenter\u00bb _builder_version=\u00bb4.25.0&#8243; _module_preset=\u00bbdefault\u00bb width=\u00bb81%\u00bb custom_margin=\u00bb-5px||||false|false\u00bb global_colors_info=\u00bb{}\u00bb][\/et_pb_image][\/et_pb_column][\/et_pb_row][\/et_pb_section]<\/p>\n","protected":false},"excerpt":{"rendered":"<p>\u00a1HAZTE SOCIA \/ O!Si t\u00fa cambias, todo cambia INSCRIPCI\u00d3N Inscripci\u00f3n gratuita CUOTA MENSUAL Unidad familiar con 1 miembro: 18\u20ac\/mes Unidad familiar con 2 miembros: 26\u20ac\/mes Unidad familiar con 3 miembros: 33\u20ac\/mes Unidad familiar con 4 miembros: 39\u20ac\/mes Unidad familiar con 5 miembros: 44\u20ac\/mes Unidad familiar con 6 miembros: 48\u20ac\/mes Concierto D\u00eda de la Mujer, 2026\u00bfQu\u00e9 [&hellip;]<\/p>\n","protected":false},"author":1,"featured_media":7406,"parent":0,"menu_order":0,"comment_status":"closed","ping_status":"closed","template":"","meta":{"_et_pb_use_builder":"on","_et_pb_old_content":"<h1><span style=\"color: #ff6600;\">1. \u00bfQu\u00e9 es Ateneu Cultural Ciutat de Manises?<\/span><\/h1>\r\nAteneu Cultural Ciutat de Manises es una entidad Sin \u00c1nimo de Lucro (S.A.L.). Nace el 8 de enero de 2008 de un grupo de profesionales de la cultura, el arte, la educaci\u00f3n y la sociolog\u00eda, para crear un proyecto hol\u00edstico de mejora de la sociedad utilizando el arte como hilo conductor.\r\n\r\nPara canalizarlo el proyecto se divide en diferentes \u00e1reas <span style=\"color: #ff6600;\"><strong>ISCLEF<\/strong><\/span>[1].\r\n<ul>\r\n \t<li><strong>\u00c1rea I<\/strong> Internacional<\/li>\r\n \t<li><strong>\u00c1rea S<\/strong> Social<\/li>\r\n \t<li><strong>\u00c1rea C<\/strong> Cultural<\/li>\r\n \t<li><strong>\u00c1rea L<\/strong> Laboral<\/li>\r\n \t<li><strong>\u00c1rea E<\/strong> Educativa<\/li>\r\n \t<li><strong>\u00c1rea F<\/strong> Formativa<\/li>\r\n<\/ul>\r\nCreemos que la educaci\u00f3n <strong><u>es la clave<\/u><\/strong> para el futuro y solo estando adecuadamente educados y formados en arte y cultura, como herramienta para el desarrollo de la vida, podremos crear una sociedad mejor.\r\n\r\nAteneu Cultural Ciutat de Manises nace con la idea de satisfacer una necesidad: Que el tejido social-cultural ampl\u00ede sus horizontes en favor de una cultura plural y de rigor hist\u00f3rico completo, creando una escuela formativa, con un sistema educativo diferenciador e innovador, as\u00ed como agrupaciones art\u00edsticas profesionales.\r\n\r\nEl objetivo de la entidad es inculcar valores como: la cultura del esfuerzo, la paciencia, la tolerancia, la responsabilidad y corresponsabilidad, la creatividad, el trabajo cooperativo, la humildad, la generosidad, la solidaridad, el agradecimiento y la felicidad.\r\n\r\n\u00a0\r\n<h1><span style=\"color: #ff6600;\">2. Un Modelo Asociativo<\/span><strong>[2]<\/strong><\/h1>\r\n<ul>\r\n \t<li>Transparencia y cumplimiento de la legalidad\u00a0\u2192\u00a0Ateneu Cultural Ciutat de Manises publica sus cuentas en los tablones de anuncios y en su p\u00e1gina web trimestralmente, una cuesti\u00f3n legal y \u00e9tica pero necesaria para tener autoridad moral.<\/li>\r\n \t<li>Representativa, fuerte y aut\u00f3noma\u00a0\u2192\u00a0Ateneu Cultural Ciutat de Manises teje redes para obtener m\u00e1s representatividad. Es una entidad aut\u00f3noma e independiente en su financiaci\u00f3n, lo que le otorga una capacidad cr\u00edtica y mayor responsabilidad en la construcci\u00f3n del futuro de nuestra sociedad.<\/li>\r\n \t<li>Equilibrio en el cumplimiento de las 4 funciones del movimiento asociativo\u00a0\u2192\u00a0Funci\u00f3n social, econ\u00f3mica, educativa y de mejora de la poblaci\u00f3n. Comprometida con la defensa de los Derechos Humanos y Valores Democr\u00e1ticos para hacer una sociedad mejor.<\/li>\r\n \t<li>Principio de subsidiariedad y apoderamiento de la ciudadan\u00eda\u00a0\u2192\u00a0Ateneu Cultural Ciutat de Manises se acoge al Principio de subsidiariedad recogido en el Tratado de la Uni\u00f3n Europea de 7 de febrero de 1992 as\u00ed como a la Ley Org\u00e1nica que regula el Derecho de Asociaci\u00f3n.<\/li>\r\n<\/ul>\r\n\u00a0\r\n<h1><span style=\"color: #ff6600;\">3. Organigrama<\/span><\/h1>\r\nAteneu Cultural Ciutat de Manises es una asociaci\u00f3n asamblearia cuyo <strong>\u00f3rgano de gobierno<\/strong> es la <strong>Asamblea General de Asociados, <\/strong>formada por todos los asociados. La misma se encarga de la aprobaci\u00f3n de los Estatutos, en los que se recoge el correcto funcionamiento de la\u00a0<strong>Entidad<\/strong>.\r\n\r\n\u00c9sta elige cada 2 a\u00f1os a su <strong>\u00f3rgano de representaci\u00f3n<\/strong> (Junta Directiva), encargada de la ejecuci\u00f3n del proyecto de actividades, adem\u00e1s, vela por el cumplimiento de los fines de la entidad a trav\u00e9s de la aplicaci\u00f3n de los <strong>estatutos<\/strong>.\r\n\r\nPara el mantenimiento de una entidad acorde a la realidad de su momento existe el <strong>Principio de Cambio Generacional.<\/strong> A tenor de \u00e9ste se crea la <strong>Junta Joven<\/strong>, formada por adolescentes que han vivido y experimentado la realidad social y filos\u00f3fica de la entidad, con la finalidad de crear referentes, actualizar la entidad, dar voz y responsabilidad a la juventud; siendo la encargada del cambio social del futuro.\u00a0 Adem\u00e1s, bajo este principio, se establece que los j\u00f3venes que obtengan las titulaciones correspondientes sustituir\u00e1n al profesorado actual de la entidad, garantizando un ciclo y la renovaci\u00f3n.\r\n\r\nSon 4 los libros que custodia y actualiza constantemente la Entidad, a los cuales puede acceder cualquier asociado siempre que lo solicite y firmando los correspondientes formularios de la L.O.P.D.\r\n\r\nLos diferentes proyectos est\u00e1n coordinados por el <strong>Equipo T\u00e9cnico\/Directivo<\/strong>, \u00e9ste se re\u00fane semanalmente con el fin de dirigir y coordinar todas las actividades por delegaci\u00f3n y supervisi\u00f3n de la Junta Directiva. Act\u00faa como t\u00e9cnico en el desarrollo de actividades de la asociaci\u00f3n y como directivo en la Escuela.\r\n\r\n\u00a0\r\n<h1><span style=\"color: #ff6600;\">4. \u00bfDe qu\u00e9 proyecto quieres formar parte? Hazte socio\/socia.<\/span><\/h1>\r\nLa cuota de asociado de 2018 es de 30\u201900\u20ac anuales para los mayores de 18 a\u00f1os y de 20\u201900\u20ac para los menores de edad[3]. Para hacerse asociado debes cumplimentar el impreso correspondiente. As\u00ed podr\u00e1s tener acceso a:\r\n<ul>\r\n \t<li><a href=\"http:\/\/ateneumanises.com\/es\/internacional\/\">Proyectos Internacionales<\/a>:\r\n<ul>\r\n \t<li><strong>I ara qu\u00e8?<\/strong> Festival de M\u00fasica Actual.<\/li>\r\n \t<li><strong>MaaN Manises Antigua.<\/strong> Curso de M\u00fasica Antigua.<\/li>\r\n<\/ul>\r\n<\/li>\r\n \t<li><a href=\"http:\/\/ateneumanises.com\/es\/social\/\">Proyectos Sociales<\/a>:\r\n<ul>\r\n \t<li><strong>Musicoterapia<\/strong>. Gratuita desde los 0 a\u00f1os.<\/li>\r\n \t<li><strong>Batucada Diversidad Funcional.<\/strong><\/li>\r\n \t<li><strong>Becas<\/strong> a familias con pocos recursos.<\/li>\r\n \t<li><strong>Dignificaci\u00f3n del artista.<\/strong><\/li>\r\n \t<li><strong>Lucha contra el acoso y fracaso escolar.<\/strong><\/li>\r\n<\/ul>\r\n<\/li>\r\n \t<li><a href=\"http:\/\/ateneumanises.com\/es\/cultural\/\">Proyectos Culturales<\/a>:\r\n<ul>\r\n \t<li>Conciertos\/espect\u00e1culos.<\/li>\r\n \t<li>Editorial.<\/li>\r\n \t<li>Carnaval.<\/li>\r\n \t<li>Semana del arte.<\/li>\r\n<\/ul>\r\n<\/li>\r\n \t<li><a href=\"http:\/\/ateneumanises.com\/es\/laboral\/\">Proyectos Laborales<\/a>:\r\n<ul>\r\n \t<li><strong>OVAM y OFAM.\u00a0<\/strong>Agrupaciones Profesionales.<\/li>\r\n \t<li><strong>Empleo joven.<\/strong><b><\/b><\/li>\r\n<\/ul>\r\n<\/li>\r\n \t<li><a href=\"http:\/\/ateneumanises.com\/es\/educativo\/\">Proyectos Educativos<\/a>:\r\n<ul>\r\n \t<li><strong>\u00c1cisum.<\/strong><\/li>\r\n \t<li>Conferencias y ponencias.<\/li>\r\n \t<li>Aprehender en Coro.<\/li>\r\n<\/ul>\r\n<\/li>\r\n \t<li><a href=\"http:\/\/ateneumanises.com\/es\/formativo\/\">Proyectos Formativos<\/a>:\r\n<ul>\r\n \t<li><strong>Escuela<\/strong> de M\u00fasica, Danza, Teatro, Magia, Cine y Ciencia.<\/li>\r\n<\/ul>\r\n<\/li>\r\n<\/ul>\r\n\u00a0\r\n\r\n[1] Is Clef es una expresi\u00f3n inglesa que significa \u201cEs la clave\u201d (Clef se refiere a la \u201cclave musical\u201d), por lo que es un juego de palabras. Se trata de un acr\u00f3nimo de la inicial de cada una de las \u00e1reas que forman el Ateneu Cultural Ciutat de Manises.\r\n\r\n[2] Con la ayuda de la Fundaci\u00f3n Horta Sud.\r\n\r\n[3] Aprobada en la Asamblea de asociados de 4 de enero de 2018.","_et_gb_content_width":"","footnotes":""},"class_list":["post-2106","page","type-page","status-publish","has-post-thumbnail","hentry"],"_links":{"self":[{"href":"https:\/\/ateneumanises.com\/es\/wp-json\/wp\/v2\/pages\/2106","targetHints":{"allow":["GET"]}}],"collection":[{"href":"https:\/\/ateneumanises.com\/es\/wp-json\/wp\/v2\/pages"}],"about":[{"href":"https:\/\/ateneumanises.com\/es\/wp-json\/wp\/v2\/types\/page"}],"author":[{"embeddable":true,"href":"https:\/\/ateneumanises.com\/es\/wp-json\/wp\/v2\/users\/1"}],"replies":[{"embeddable":true,"href":"https:\/\/ateneumanises.com\/es\/wp-json\/wp\/v2\/comments?post=2106"}],"version-history":[{"count":52,"href":"https:\/\/ateneumanises.com\/es\/wp-json\/wp\/v2\/pages\/2106\/revisions"}],"predecessor-version":[{"id":8812,"href":"https:\/\/ateneumanises.com\/es\/wp-json\/wp\/v2\/pages\/2106\/revisions\/8812"}],"wp:featuredmedia":[{"embeddable":true,"href":"https:\/\/ateneumanises.com\/es\/wp-json\/wp\/v2\/media\/7406"}],"wp:attachment":[{"href":"https:\/\/ateneumanises.com\/es\/wp-json\/wp\/v2\/media?parent=2106"}],"curies":[{"name":"wp","href":"https:\/\/api.w.org\/{rel}","templated":true}]}}